{"id":362242,"date":"2022-11-14T12:10:00","date_gmt":"2022-11-14T15:10:00","guid":{"rendered":"https:\/\/notinor.com\/jujuy\/?page_id=362242"},"modified":"2022-11-14T12:43:00","modified_gmt":"2022-11-14T15:43:00","slug":"category-notiagro","status":"publish","type":"page","link":"https:\/\/notinor.com\/jujuy\/category-notiagro\/","title":{"rendered":"NOTIAGRO"},"content":{"rendered":"\t\t<div data-elementor-type=\"wp-page\" data-elementor-id=\"362242\" class=\"elementor elementor-362242\" data-elementor-settings=\"[]\">\n\t\t\t<div class=\"elementor-section-wrap\">\n\t\t\t\t\t\t<section class=\"elementor-element elementor-element-4d98193 elementor-section-boxed elementor-section-height-default elementor-section-height-default elementor-section elementor-top-section\" data-id=\"4d98193\" data-element_type=\"section\" data-settings=\"{&quot;background_background&quot;:&quot;classic&quot;}\">\n\t\t\t\t\t\t\t<div class=\"elementor-background-overlay\"><\/div>\n\t\t\t\t\t\t\t<div class=\"elementor-container elementor-column-gap-default\">\n\t\t\t\t<div class=\"elementor-element elementor-element-cf9d284 elementor-column elementor-col-100 elementor-top-column\" data-id=\"cf9d284\" data-element_type=\"column\">\n\t\t\t<div class=\"elementor-widget-wrap elementor-element-populated\">\n\t\t\t\t\t\t<div class=\"elementor-element elementor-element-0d48aa0 elementor-widget elementor-widget-image\" data-id=\"0d48aa0\" data-element_type=\"widget\" data-widget_type=\"image.default\">\n\t\t\t\t<div class=\"elementor-widget-container\">\n\t\t\t\t\t<div class=\"elementor-image\">\n\t\t\t\t\t\t\t\t\t\t\t<a href=\"https:\/\/notinor.com\/jujuy\/category\/notiagro\">\n\t\t\t\t\t\t\t<img decoding=\"async\" src=\"https:\/\/notinor.com\/jujuy\/wp-content\/uploads\/2022\/11\/notiagro.svg\" title=\"notiagro\" alt=\"notiagro\" \/>\t\t\t\t\t\t\t\t<\/a>\n\t\t\t\t\t\t\t\t\t\t\t<\/div>\n\t\t\t\t<\/div>\n\t\t\t\t<\/div>\n\t\t\t\t<div class=\"elementor-element elementor-element-d6abeea elementor-grid-3 elementor-grid-tablet-2 elementor-grid-mobile-1 elementor-posts--thumbnail-top elementor-card-shadow-yes elementor-posts__hover-gradient elementor-widget elementor-widget-posts\" data-id=\"d6abeea\" data-element_type=\"widget\" data-settings=\"{&quot;cards_columns&quot;:&quot;3&quot;,&quot;cards_columns_tablet&quot;:&quot;2&quot;,&quot;cards_columns_mobile&quot;:&quot;1&quot;,&quot;cards_row_gap&quot;:{&quot;unit&quot;:&quot;px&quot;,&quot;size&quot;:35,&quot;sizes&quot;:[]}}\" data-widget_type=\"posts.cards\">\n\t\t\t\t<div class=\"elementor-widget-container\">\n\t\t\t\t\t<div class=\"elementor-posts-container elementor-posts elementor-posts--skin-cards elementor-grid\">\n\t\t\t\t<article class=\"elementor-post elementor-grid-item post-440608 post type-post status-publish format-standard has-post-thumbnail hentry category-notiagro\">\n\t\t\t<div class=\"elementor-post__card\">\n\t\t\t\t<a class=\"elementor-post__thumbnail__link\" href=\"https:\/\/notinor.com\/jujuy\/beneficio-para-pequenos-productores-tabacaleros\/\" >\n\t\t\t<div class=\"elementor-post__thumbnail\"><img width=\"642\" height=\"365\" src=\"https:\/\/notinor.com\/jujuy\/wp-content\/uploads\/2026\/04\/ACOMPANAMIENTO-642x365.jpg\" class=\"attachment-medium size-medium\" alt=\"\" decoding=\"async\" loading=\"lazy\" srcset=\"https:\/\/notinor.com\/jujuy\/wp-content\/uploads\/2026\/04\/ACOMPANAMIENTO-642x365.jpg 642w, https:\/\/notinor.com\/jujuy\/wp-content\/uploads\/2026\/04\/ACOMPANAMIENTO.jpg 723w\" sizes=\"(max-width: 642px) 100vw, 642px\" \/><\/div>\n\t\t<\/a>\n\t\t\t\t<div class=\"elementor-post__text\">\n\t\t\t\t<h3 class=\"elementor-post__title\">\n\t\t\t<a href=\"https:\/\/notinor.com\/jujuy\/beneficio-para-pequenos-productores-tabacaleros\/\" >\n\t\t\t\tBeneficio para peque\u00f1os productores tabacaleros\t\t\t<\/a>\n\t\t<\/h3>\n\t\t\t\t\t<a class=\"elementor-post__read-more\" href=\"https:\/\/notinor.com\/jujuy\/beneficio-para-pequenos-productores-tabacaleros\/\" >\n\t\t\t\tVer m\u00e1s \u00bb\t\t\t<\/a>\n\t\t\t\t<\/div>\n\t\t\t\t<div class=\"elementor-post__meta-data\">\n\t\t\t\t\t<span class=\"elementor-post-date\">\n\t\t\t8 abril, 2026\t\t<\/span>\n\t\t\t\t<span class=\"elementor-post-avatar\">\n\t\t\tNo hay comentarios\t\t<\/span>\n\t\t\t\t<\/div>\n\t\t\t\t\t<\/div>\n\t\t<\/article>\n\t\t\t\t<article class=\"elementor-post elementor-grid-item post-439503 post type-post status-publish format-standard has-post-thumbnail hentry category-notiagro\">\n\t\t\t<div class=\"elementor-post__card\">\n\t\t\t\t<a class=\"elementor-post__thumbnail__link\" href=\"https:\/\/notinor.com\/jujuy\/marcos-pereda-y-santos-zuberbuhler-lanzaron-el-movimiento-renovacion-con-unidad-para-conducir-la-sociedad-rural-argentina\/\" >\n\t\t\t<div class=\"elementor-post__thumbnail\"><img width=\"640\" height=\"362\" src=\"https:\/\/notinor.com\/jujuy\/wp-content\/uploads\/2026\/03\/sociedad-rural.jpg\" class=\"attachment-medium size-medium\" alt=\"\" decoding=\"async\" loading=\"lazy\" \/><\/div>\n\t\t<\/a>\n\t\t\t\t<div class=\"elementor-post__text\">\n\t\t\t\t<h3 class=\"elementor-post__title\">\n\t\t\t<a href=\"https:\/\/notinor.com\/jujuy\/marcos-pereda-y-santos-zuberbuhler-lanzaron-el-movimiento-renovacion-con-unidad-para-conducir-la-sociedad-rural-argentina\/\" >\n\t\t\t\tInterna en la Sociedad Rural: el Vicepresidente Marcos Perera se lanza como candidato para suceder a Nicol\u00e1s Pin\t\t\t<\/a>\n\t\t<\/h3>\n\t\t\t\t\t<a class=\"elementor-post__read-more\" href=\"https:\/\/notinor.com\/jujuy\/marcos-pereda-y-santos-zuberbuhler-lanzaron-el-movimiento-renovacion-con-unidad-para-conducir-la-sociedad-rural-argentina\/\" >\n\t\t\t\tVer m\u00e1s \u00bb\t\t\t<\/a>\n\t\t\t\t<\/div>\n\t\t\t\t<div class=\"elementor-post__meta-data\">\n\t\t\t\t\t<span class=\"elementor-post-date\">\n\t\t\t11 marzo, 2026\t\t<\/span>\n\t\t\t\t<span class=\"elementor-post-avatar\">\n\t\t\tNo hay comentarios\t\t<\/span>\n\t\t\t\t<\/div>\n\t\t\t\t\t<\/div>\n\t\t<\/article>\n\t\t\t\t<article class=\"elementor-post elementor-grid-item post-439407 post type-post status-publish format-standard has-post-thumbnail hentry category-notiagro\">\n\t\t\t<div class=\"elementor-post__card\">\n\t\t\t\t<a class=\"elementor-post__thumbnail__link\" href=\"https:\/\/notinor.com\/jujuy\/20-anos-no-son-solo-una-cifra-expoagro-tuvo-su-noche-especial-a-pura-emocion\/\" >\n\t\t\t<div class=\"elementor-post__thumbnail\"><img width=\"588\" height=\"365\" src=\"https:\/\/notinor.com\/jujuy\/wp-content\/uploads\/2026\/03\/NOTIAGRO-588x365.jpg\" class=\"attachment-medium size-medium\" alt=\"\" decoding=\"async\" loading=\"lazy\" srcset=\"https:\/\/notinor.com\/jujuy\/wp-content\/uploads\/2026\/03\/NOTIAGRO-588x365.jpg 588w, https:\/\/notinor.com\/jujuy\/wp-content\/uploads\/2026\/03\/NOTIAGRO-773x480.jpg 773w, https:\/\/notinor.com\/jujuy\/wp-content\/uploads\/2026\/03\/NOTIAGRO-768x477.jpg 768w, https:\/\/notinor.com\/jujuy\/wp-content\/uploads\/2026\/03\/NOTIAGRO-750x466.jpg 750w, https:\/\/notinor.com\/jujuy\/wp-content\/uploads\/2026\/03\/NOTIAGRO.jpg 799w\" sizes=\"(max-width: 588px) 100vw, 588px\" \/><\/div>\n\t\t<\/a>\n\t\t\t\t<div class=\"elementor-post__text\">\n\t\t\t\t<h3 class=\"elementor-post__title\">\n\t\t\t<a href=\"https:\/\/notinor.com\/jujuy\/20-anos-no-son-solo-una-cifra-expoagro-tuvo-su-noche-especial-a-pura-emocion\/\" >\n\t\t\t\t\u201c20 a\u00f1os no son s\u00f3lo una cifra\u201d: Expoagro tuvo su noche especial a pura emoci\u00f3n\t\t\t<\/a>\n\t\t<\/h3>\n\t\t\t\t\t<a class=\"elementor-post__read-more\" href=\"https:\/\/notinor.com\/jujuy\/20-anos-no-son-solo-una-cifra-expoagro-tuvo-su-noche-especial-a-pura-emocion\/\" >\n\t\t\t\tVer m\u00e1s \u00bb\t\t\t<\/a>\n\t\t\t\t<\/div>\n\t\t\t\t<div class=\"elementor-post__meta-data\">\n\t\t\t\t\t<span class=\"elementor-post-date\">\n\t\t\t10 marzo, 2026\t\t<\/span>\n\t\t\t\t<span class=\"elementor-post-avatar\">\n\t\t\tNo hay comentarios\t\t<\/span>\n\t\t\t\t<\/div>\n\t\t\t\t\t<\/div>\n\t\t<\/article>\n\t\t\t\t<article class=\"elementor-post elementor-grid-item post-436446 post type-post status-publish format-standard has-post-thumbnail hentry category-notiagro\">\n\t\t\t<div class=\"elementor-post__card\">\n\t\t\t\t<a class=\"elementor-post__thumbnail__link\" href=\"https:\/\/notinor.com\/jujuy\/el-gobierno-anuncio-una-nueva-baja-de-retenciones-a-las-exportaciones-de-granos\/\" >\n\t\t\t<div class=\"elementor-post__thumbnail\"><img width=\"581\" height=\"365\" src=\"https:\/\/notinor.com\/jujuy\/wp-content\/uploads\/2025\/12\/GRANOS-581x365.jpg\" class=\"attachment-medium size-medium\" alt=\"\" decoding=\"async\" loading=\"lazy\" srcset=\"https:\/\/notinor.com\/jujuy\/wp-content\/uploads\/2025\/12\/GRANOS-581x365.jpg 581w, https:\/\/notinor.com\/jujuy\/wp-content\/uploads\/2025\/12\/GRANOS-763x480.jpg 763w, https:\/\/notinor.com\/jujuy\/wp-content\/uploads\/2025\/12\/GRANOS-768x483.jpg 768w, https:\/\/notinor.com\/jujuy\/wp-content\/uploads\/2025\/12\/GRANOS-750x472.jpg 750w, https:\/\/notinor.com\/jujuy\/wp-content\/uploads\/2025\/12\/GRANOS.jpg 800w\" sizes=\"(max-width: 581px) 100vw, 581px\" \/><\/div>\n\t\t<\/a>\n\t\t\t\t<div class=\"elementor-post__text\">\n\t\t\t\t<h3 class=\"elementor-post__title\">\n\t\t\t<a href=\"https:\/\/notinor.com\/jujuy\/el-gobierno-anuncio-una-nueva-baja-de-retenciones-a-las-exportaciones-de-granos\/\" >\n\t\t\t\tEl Gobierno anunci\u00f3 una nueva baja de retenciones a las exportaciones de granos\t\t\t<\/a>\n\t\t<\/h3>\n\t\t\t\t\t<a class=\"elementor-post__read-more\" href=\"https:\/\/notinor.com\/jujuy\/el-gobierno-anuncio-una-nueva-baja-de-retenciones-a-las-exportaciones-de-granos\/\" >\n\t\t\t\tVer m\u00e1s \u00bb\t\t\t<\/a>\n\t\t\t\t<\/div>\n\t\t\t\t<div class=\"elementor-post__meta-data\">\n\t\t\t\t\t<span class=\"elementor-post-date\">\n\t\t\t9 diciembre, 2025\t\t<\/span>\n\t\t\t\t<span class=\"elementor-post-avatar\">\n\t\t\tNo hay comentarios\t\t<\/span>\n\t\t\t\t<\/div>\n\t\t\t\t\t<\/div>\n\t\t<\/article>\n\t\t\t\t<article class=\"elementor-post elementor-grid-item post-435502 post type-post status-publish format-standard has-post-thumbnail hentry category-notiagro\">\n\t\t\t<div class=\"elementor-post__card\">\n\t\t\t\t<a class=\"elementor-post__thumbnail__link\" href=\"https:\/\/notinor.com\/jujuy\/impulsan-la-expansion-global-de-la-yerba-mate\/\" >\n\t\t\t<div class=\"elementor-post__thumbnail\"><img width=\"651\" height=\"365\" src=\"https:\/\/notinor.com\/jujuy\/wp-content\/uploads\/2025\/11\/CAMPO-651x365.jpg\" class=\"attachment-medium size-medium\" alt=\"\" decoding=\"async\" loading=\"lazy\" srcset=\"https:\/\/notinor.com\/jujuy\/wp-content\/uploads\/2025\/11\/CAMPO-651x365.jpg 651w, https:\/\/notinor.com\/jujuy\/wp-content\/uploads\/2025\/11\/CAMPO-500x280.jpg 500w, https:\/\/notinor.com\/jujuy\/wp-content\/uploads\/2025\/11\/CAMPO-750x421.jpg 750w, https:\/\/notinor.com\/jujuy\/wp-content\/uploads\/2025\/11\/CAMPO.jpg 756w\" sizes=\"(max-width: 651px) 100vw, 651px\" \/><\/div>\n\t\t<\/a>\n\t\t\t\t<div class=\"elementor-post__text\">\n\t\t\t\t<h3 class=\"elementor-post__title\">\n\t\t\t<a href=\"https:\/\/notinor.com\/jujuy\/impulsan-la-expansion-global-de-la-yerba-mate\/\" >\n\t\t\t\tImpulsan la expansi\u00f3n global de la yerba mate\t\t\t<\/a>\n\t\t<\/h3>\n\t\t\t\t\t<a class=\"elementor-post__read-more\" href=\"https:\/\/notinor.com\/jujuy\/impulsan-la-expansion-global-de-la-yerba-mate\/\" >\n\t\t\t\tVer m\u00e1s \u00bb\t\t\t<\/a>\n\t\t\t\t<\/div>\n\t\t\t\t<div class=\"elementor-post__meta-data\">\n\t\t\t\t\t<span class=\"elementor-post-date\">\n\t\t\t10 noviembre, 2025\t\t<\/span>\n\t\t\t\t<span class=\"elementor-post-avatar\">\n\t\t\tNo hay comentarios\t\t<\/span>\n\t\t\t\t<\/div>\n\t\t\t\t\t<\/div>\n\t\t<\/article>\n\t\t\t\t<article class=\"elementor-post elementor-grid-item post-435216 post type-post status-publish format-standard has-post-thumbnail hentry category-notiagro\">\n\t\t\t<div class=\"elementor-post__card\">\n\t\t\t\t<a class=\"elementor-post__thumbnail__link\" href=\"https:\/\/notinor.com\/jujuy\/la-soja-continuo-su-rally-alcista-en-chicago-y-gano-10-000-por-tonelada-en-rosario\/\" >\n\t\t\t<div class=\"elementor-post__thumbnail\"><img width=\"660\" height=\"351\" src=\"https:\/\/notinor.com\/jujuy\/wp-content\/uploads\/2025\/11\/GRANOS-660x351.jpg\" class=\"attachment-medium size-medium\" alt=\"\" decoding=\"async\" loading=\"lazy\" srcset=\"https:\/\/notinor.com\/jujuy\/wp-content\/uploads\/2025\/11\/GRANOS-660x351.jpg 660w, https:\/\/notinor.com\/jujuy\/wp-content\/uploads\/2025\/11\/GRANOS-750x399.jpg 750w, https:\/\/notinor.com\/jujuy\/wp-content\/uploads\/2025\/11\/GRANOS.jpg 765w\" sizes=\"(max-width: 660px) 100vw, 660px\" \/><\/div>\n\t\t<\/a>\n\t\t\t\t<div class=\"elementor-post__text\">\n\t\t\t\t<h3 class=\"elementor-post__title\">\n\t\t\t<a href=\"https:\/\/notinor.com\/jujuy\/la-soja-continuo-su-rally-alcista-en-chicago-y-gano-10-000-por-tonelada-en-rosario\/\" >\n\t\t\t\tLa soja continu\u00f3 su rally alcista en Chicago y gan\u00f3 $10.000 por tonelada en Rosario\t\t\t<\/a>\n\t\t<\/h3>\n\t\t\t\t\t<a class=\"elementor-post__read-more\" href=\"https:\/\/notinor.com\/jujuy\/la-soja-continuo-su-rally-alcista-en-chicago-y-gano-10-000-por-tonelada-en-rosario\/\" >\n\t\t\t\tVer m\u00e1s \u00bb\t\t\t<\/a>\n\t\t\t\t<\/div>\n\t\t\t\t<div class=\"elementor-post__meta-data\">\n\t\t\t\t\t<span class=\"elementor-post-date\">\n\t\t\t4 noviembre, 2025\t\t<\/span>\n\t\t\t\t<span class=\"elementor-post-avatar\">\n\t\t\tNo hay comentarios\t\t<\/span>\n\t\t\t\t<\/div>\n\t\t\t\t\t<\/div>\n\t\t<\/article>\n\t\t\t\t<article class=\"elementor-post elementor-grid-item post-434935 post type-post status-publish format-standard has-post-thumbnail hentry category-notiagro category-salta\">\n\t\t\t<div class=\"elementor-post__card\">\n\t\t\t\t<a class=\"elementor-post__thumbnail__link\" href=\"https:\/\/notinor.com\/jujuy\/puede-ser-cualquier-cosa-incertidumbre-por-un-decreto-de-milei-sobre-la-cesion-de-tierras-del-inta\/\" >\n\t\t\t<div class=\"elementor-post__thumbnail\"><img width=\"636\" height=\"365\" src=\"https:\/\/notinor.com\/jujuy\/wp-content\/uploads\/2025\/10\/CAMPO-1-636x365.jpg\" class=\"attachment-medium size-medium\" alt=\"\" decoding=\"async\" loading=\"lazy\" srcset=\"https:\/\/notinor.com\/jujuy\/wp-content\/uploads\/2025\/10\/CAMPO-1-636x365.jpg 636w, https:\/\/notinor.com\/jujuy\/wp-content\/uploads\/2025\/10\/CAMPO-1.jpg 694w\" sizes=\"(max-width: 636px) 100vw, 636px\" \/><\/div>\n\t\t<\/a>\n\t\t\t\t<div class=\"elementor-post__text\">\n\t\t\t\t<h3 class=\"elementor-post__title\">\n\t\t\t<a href=\"https:\/\/notinor.com\/jujuy\/puede-ser-cualquier-cosa-incertidumbre-por-un-decreto-de-milei-sobre-la-cesion-de-tierras-del-inta\/\" >\n\t\t\t\t\u201cPuede ser cualquier cosa\u201d: incertidumbre por un decreto de Milei sobre la cesi\u00f3n de tierras del INTA\t\t\t<\/a>\n\t\t<\/h3>\n\t\t\t\t\t<a class=\"elementor-post__read-more\" href=\"https:\/\/notinor.com\/jujuy\/puede-ser-cualquier-cosa-incertidumbre-por-un-decreto-de-milei-sobre-la-cesion-de-tierras-del-inta\/\" >\n\t\t\t\tVer m\u00e1s \u00bb\t\t\t<\/a>\n\t\t\t\t<\/div>\n\t\t\t\t<div class=\"elementor-post__meta-data\">\n\t\t\t\t\t<span class=\"elementor-post-date\">\n\t\t\t27 octubre, 2025\t\t<\/span>\n\t\t\t\t<span class=\"elementor-post-avatar\">\n\t\t\tNo hay comentarios\t\t<\/span>\n\t\t\t\t<\/div>\n\t\t\t\t\t<\/div>\n\t\t<\/article>\n\t\t\t\t<article class=\"elementor-post elementor-grid-item post-434931 post type-post status-publish format-standard has-post-thumbnail hentry category-notiagro\">\n\t\t\t<div class=\"elementor-post__card\">\n\t\t\t\t<a class=\"elementor-post__thumbnail__link\" href=\"https:\/\/notinor.com\/jujuy\/las-lluvias-impulsan-al-trigo-y-aceleran-la-siembra-de-soja-aunque-un-frente-frio-podria-causar-problemas\/\" >\n\t\t\t<div class=\"elementor-post__thumbnail\"><img width=\"544\" height=\"365\" src=\"https:\/\/notinor.com\/jujuy\/wp-content\/uploads\/2025\/10\/CAMPO-544x365.jpg\" class=\"attachment-medium size-medium\" alt=\"\" decoding=\"async\" loading=\"lazy\" srcset=\"https:\/\/notinor.com\/jujuy\/wp-content\/uploads\/2025\/10\/CAMPO-544x365.jpg 544w, https:\/\/notinor.com\/jujuy\/wp-content\/uploads\/2025\/10\/CAMPO.jpg 706w\" sizes=\"(max-width: 544px) 100vw, 544px\" \/><\/div>\n\t\t<\/a>\n\t\t\t\t<div class=\"elementor-post__text\">\n\t\t\t\t<h3 class=\"elementor-post__title\">\n\t\t\t<a href=\"https:\/\/notinor.com\/jujuy\/las-lluvias-impulsan-al-trigo-y-aceleran-la-siembra-de-soja-aunque-un-frente-frio-podria-causar-problemas\/\" >\n\t\t\t\tLas lluvias impulsan al trigo y aceleran la siembra de soja, aunque un frente fr\u00edo podr\u00eda causar problemas\t\t\t<\/a>\n\t\t<\/h3>\n\t\t\t\t\t<a class=\"elementor-post__read-more\" href=\"https:\/\/notinor.com\/jujuy\/las-lluvias-impulsan-al-trigo-y-aceleran-la-siembra-de-soja-aunque-un-frente-frio-podria-causar-problemas\/\" >\n\t\t\t\tVer m\u00e1s \u00bb\t\t\t<\/a>\n\t\t\t\t<\/div>\n\t\t\t\t<div class=\"elementor-post__meta-data\">\n\t\t\t\t\t<span class=\"elementor-post-date\">\n\t\t\t27 octubre, 2025\t\t<\/span>\n\t\t\t\t<span class=\"elementor-post-avatar\">\n\t\t\tNo hay comentarios\t\t<\/span>\n\t\t\t\t<\/div>\n\t\t\t\t\t<\/div>\n\t\t<\/article>\n\t\t\t\t<article class=\"elementor-post elementor-grid-item post-434795 post type-post status-publish format-standard has-post-thumbnail hentry category-internacionales category-notiagro\">\n\t\t\t<div class=\"elementor-post__card\">\n\t\t\t\t<a class=\"elementor-post__thumbnail__link\" href=\"https:\/\/notinor.com\/jujuy\/estados-unidos-cuadruplico-la-cuota-de-importacion-de-carne-argentina\/\" >\n\t\t\t<div class=\"elementor-post__thumbnail\"><img width=\"499\" height=\"365\" src=\"https:\/\/notinor.com\/jujuy\/wp-content\/uploads\/2025\/10\/IMPORTACION-499x365.jpg\" class=\"attachment-medium size-medium\" alt=\"\" decoding=\"async\" loading=\"lazy\" srcset=\"https:\/\/notinor.com\/jujuy\/wp-content\/uploads\/2025\/10\/IMPORTACION-499x365.jpg 499w, https:\/\/notinor.com\/jujuy\/wp-content\/uploads\/2025\/10\/IMPORTACION-656x480.jpg 656w, https:\/\/notinor.com\/jujuy\/wp-content\/uploads\/2025\/10\/IMPORTACION.jpg 681w\" sizes=\"(max-width: 499px) 100vw, 499px\" \/><\/div>\n\t\t<\/a>\n\t\t\t\t<div class=\"elementor-post__text\">\n\t\t\t\t<h3 class=\"elementor-post__title\">\n\t\t\t<a href=\"https:\/\/notinor.com\/jujuy\/estados-unidos-cuadruplico-la-cuota-de-importacion-de-carne-argentina\/\" >\n\t\t\t\tEstados Unidos cuadruplic\u00f3 la cuota de importaci\u00f3n de carne argentina\t\t\t<\/a>\n\t\t<\/h3>\n\t\t\t\t\t<a class=\"elementor-post__read-more\" href=\"https:\/\/notinor.com\/jujuy\/estados-unidos-cuadruplico-la-cuota-de-importacion-de-carne-argentina\/\" >\n\t\t\t\tVer m\u00e1s \u00bb\t\t\t<\/a>\n\t\t\t\t<\/div>\n\t\t\t\t<div class=\"elementor-post__meta-data\">\n\t\t\t\t\t<span class=\"elementor-post-date\">\n\t\t\t23 octubre, 2025\t\t<\/span>\n\t\t\t\t<span class=\"elementor-post-avatar\">\n\t\t\tNo hay comentarios\t\t<\/span>\n\t\t\t\t<\/div>\n\t\t\t\t\t<\/div>\n\t\t<\/article>\n\t\t\t\t<article class=\"elementor-post elementor-grid-item post-433340 post type-post status-publish format-standard has-post-thumbnail hentry category-notiagro\">\n\t\t\t<div class=\"elementor-post__card\">\n\t\t\t\t<a class=\"elementor-post__thumbnail__link\" href=\"https:\/\/notinor.com\/jujuy\/el-campo-respaldo-la-eliminacion-de-retenciones-pero-le-pidio-al-gobierno-que-sea-una-medida-permanente\/\" >\n\t\t\t<div class=\"elementor-post__thumbnail\"><img width=\"551\" height=\"365\" src=\"https:\/\/notinor.com\/jujuy\/wp-content\/uploads\/2025\/09\/CAMPO-551x365.jpg\" class=\"attachment-medium size-medium\" alt=\"\" decoding=\"async\" loading=\"lazy\" srcset=\"https:\/\/notinor.com\/jujuy\/wp-content\/uploads\/2025\/09\/CAMPO-551x365.jpg 551w, https:\/\/notinor.com\/jujuy\/wp-content\/uploads\/2025\/09\/CAMPO.jpg 681w\" sizes=\"(max-width: 551px) 100vw, 551px\" \/><\/div>\n\t\t<\/a>\n\t\t\t\t<div class=\"elementor-post__text\">\n\t\t\t\t<h3 class=\"elementor-post__title\">\n\t\t\t<a href=\"https:\/\/notinor.com\/jujuy\/el-campo-respaldo-la-eliminacion-de-retenciones-pero-le-pidio-al-gobierno-que-sea-una-medida-permanente\/\" >\n\t\t\t\tEl campo respald\u00f3 la eliminaci\u00f3n de retenciones, pero le pidi\u00f3 al Gobierno que sea una medida permanente\t\t\t<\/a>\n\t\t<\/h3>\n\t\t\t\t\t<a class=\"elementor-post__read-more\" href=\"https:\/\/notinor.com\/jujuy\/el-campo-respaldo-la-eliminacion-de-retenciones-pero-le-pidio-al-gobierno-que-sea-una-medida-permanente\/\" >\n\t\t\t\tVer m\u00e1s \u00bb\t\t\t<\/a>\n\t\t\t\t<\/div>\n\t\t\t\t<div class=\"elementor-post__meta-data\">\n\t\t\t\t\t<span class=\"elementor-post-date\">\n\t\t\t22 septiembre, 2025\t\t<\/span>\n\t\t\t\t<span class=\"elementor-post-avatar\">\n\t\t\tNo hay comentarios\t\t<\/span>\n\t\t\t\t<\/div>\n\t\t\t\t\t<\/div>\n\t\t<\/article>\n\t\t\t\t<article class=\"elementor-post elementor-grid-item post-432405 post type-post status-publish format-standard has-post-thumbnail hentry category-locales category-notiagro\">\n\t\t\t<div class=\"elementor-post__card\">\n\t\t\t\t<a class=\"elementor-post__thumbnail__link\" href=\"https:\/\/notinor.com\/jujuy\/inspeccion-de-calidad-y-negociacion-de-precios-con-china-tobacco-international\/\" >\n\t\t\t<div class=\"elementor-post__thumbnail\"><img width=\"649\" height=\"365\" src=\"https:\/\/notinor.com\/jujuy\/wp-content\/uploads\/2025\/09\/cooperativa-de-tabacaleros-de-jujuy-649x365.jpg\" class=\"attachment-medium size-medium\" alt=\"\" decoding=\"async\" loading=\"lazy\" srcset=\"https:\/\/notinor.com\/jujuy\/wp-content\/uploads\/2025\/09\/cooperativa-de-tabacaleros-de-jujuy-649x365.jpg 649w, https:\/\/notinor.com\/jujuy\/wp-content\/uploads\/2025\/09\/cooperativa-de-tabacaleros-de-jujuy-500x280.jpg 500w, https:\/\/notinor.com\/jujuy\/wp-content\/uploads\/2025\/09\/cooperativa-de-tabacaleros-de-jujuy-768x432.jpg 768w, https:\/\/notinor.com\/jujuy\/wp-content\/uploads\/2025\/09\/cooperativa-de-tabacaleros-de-jujuy-750x422.jpg 750w, https:\/\/notinor.com\/jujuy\/wp-content\/uploads\/2025\/09\/cooperativa-de-tabacaleros-de-jujuy.jpg 800w\" sizes=\"(max-width: 649px) 100vw, 649px\" \/><\/div>\n\t\t<\/a>\n\t\t\t\t<div class=\"elementor-post__text\">\n\t\t\t\t<h3 class=\"elementor-post__title\">\n\t\t\t<a href=\"https:\/\/notinor.com\/jujuy\/inspeccion-de-calidad-y-negociacion-de-precios-con-china-tobacco-international\/\" >\n\t\t\t\tInspecci\u00f3n de calidad y negociaci\u00f3n de precios con China Tobacco International\t\t\t<\/a>\n\t\t<\/h3>\n\t\t\t\t\t<a class=\"elementor-post__read-more\" href=\"https:\/\/notinor.com\/jujuy\/inspeccion-de-calidad-y-negociacion-de-precios-con-china-tobacco-international\/\" >\n\t\t\t\tVer m\u00e1s \u00bb\t\t\t<\/a>\n\t\t\t\t<\/div>\n\t\t\t\t<div class=\"elementor-post__meta-data\">\n\t\t\t\t\t<span class=\"elementor-post-date\">\n\t\t\t2 septiembre, 2025\t\t<\/span>\n\t\t\t\t<span class=\"elementor-post-avatar\">\n\t\t\tNo hay comentarios\t\t<\/span>\n\t\t\t\t<\/div>\n\t\t\t\t\t<\/div>\n\t\t<\/article>\n\t\t\t\t<article class=\"elementor-post elementor-grid-item post-432324 post type-post status-publish format-standard has-post-thumbnail hentry category-notiagro\">\n\t\t\t<div class=\"elementor-post__card\">\n\t\t\t\t<a class=\"elementor-post__thumbnail__link\" href=\"https:\/\/notinor.com\/jujuy\/el-ingreso-de-divisas-del-agro-se-desplomo-en-agosto-aunque-sigue-por-encima-de-2024\/\" >\n\t\t\t<div class=\"elementor-post__thumbnail\"><img width=\"480\" height=\"365\" src=\"https:\/\/notinor.com\/jujuy\/wp-content\/uploads\/2025\/09\/GRANOS-480x365.jpg\" class=\"attachment-medium size-medium\" alt=\"\" decoding=\"async\" loading=\"lazy\" srcset=\"https:\/\/notinor.com\/jujuy\/wp-content\/uploads\/2025\/09\/GRANOS-480x365.jpg 480w, https:\/\/notinor.com\/jujuy\/wp-content\/uploads\/2025\/09\/GRANOS-631x480.jpg 631w, https:\/\/notinor.com\/jujuy\/wp-content\/uploads\/2025\/09\/GRANOS.jpg 648w\" sizes=\"(max-width: 480px) 100vw, 480px\" \/><\/div>\n\t\t<\/a>\n\t\t\t\t<div class=\"elementor-post__text\">\n\t\t\t\t<h3 class=\"elementor-post__title\">\n\t\t\t<a href=\"https:\/\/notinor.com\/jujuy\/el-ingreso-de-divisas-del-agro-se-desplomo-en-agosto-aunque-sigue-por-encima-de-2024\/\" >\n\t\t\t\tEl ingreso de divisas del agro se desplom\u00f3 en agosto, aunque sigue por encima de 2024\t\t\t<\/a>\n\t\t<\/h3>\n\t\t\t\t\t<a class=\"elementor-post__read-more\" href=\"https:\/\/notinor.com\/jujuy\/el-ingreso-de-divisas-del-agro-se-desplomo-en-agosto-aunque-sigue-por-encima-de-2024\/\" >\n\t\t\t\tVer m\u00e1s \u00bb\t\t\t<\/a>\n\t\t\t\t<\/div>\n\t\t\t\t<div class=\"elementor-post__meta-data\">\n\t\t\t\t\t<span class=\"elementor-post-date\">\n\t\t\t1 septiembre, 2025\t\t<\/span>\n\t\t\t\t<span class=\"elementor-post-avatar\">\n\t\t\tNo hay comentarios\t\t<\/span>\n\t\t\t\t<\/div>\n\t\t\t\t\t<\/div>\n\t\t<\/article>\n\t\t\t\t<\/div>\n\t\t\t\t<nav class=\"elementor-pagination\" role=\"navigation\" aria-label=\"Pagination\">\n\t\t\t<span class=\"page-numbers prev\">&laquo; Anterior<\/span>\n<span aria-current=\"page\" class=\"page-numbers current\"><span class=\"elementor-screen-only\">Page<\/span>1<\/span>\n<a class=\"page-numbers\" href=\"https:\/\/notinor.com\/jujuy\/wp-json\/wp\/v2\/pages\/362242\/page\/2\/\"><span class=\"elementor-screen-only\">Page<\/span>2<\/a>\n<a class=\"page-numbers\" href=\"https:\/\/notinor.com\/jujuy\/wp-json\/wp\/v2\/pages\/362242\/page\/3\/\"><span class=\"elementor-screen-only\">Page<\/span>3<\/a>\n<a class=\"page-numbers\" href=\"https:\/\/notinor.com\/jujuy\/wp-json\/wp\/v2\/pages\/362242\/page\/4\/\"><span class=\"elementor-screen-only\">Page<\/span>4<\/a>\n<a class=\"page-numbers\" href=\"https:\/\/notinor.com\/jujuy\/wp-json\/wp\/v2\/pages\/362242\/page\/5\/\"><span class=\"elementor-screen-only\">Page<\/span>5<\/a>\n<a class=\"page-numbers next\" href=\"https:\/\/notinor.com\/jujuy\/wp-json\/wp\/v2\/pages\/362242\/page\/2\/\">Siguiente &raquo;<\/a>\t\t<\/nav>\n\t\t\t\t<\/div>\n\t\t\t\t<\/div>\n\t\t\t\t\t<\/div>\n\t\t<\/div>\n\t\t\t\t\t<\/div>\n\t\t<\/section>\n\t\t\t\t\t<\/div>\n\t\t<\/div>\n\t\t","protected":false},"excerpt":{"rendered":"","protected":false},"author":33,"featured_media":0,"parent":0,"menu_order":0,"comment_status":"closed","ping_status":"closed","template":"template-builder.php","meta":{"_stopmodifiedupdate":false,"_modified_date":"","inline_featured_image":false,"spay_email":""},"_links":{"self":[{"href":"https:\/\/notinor.com\/jujuy\/wp-json\/wp\/v2\/pages\/362242"}],"collection":[{"href":"https:\/\/notinor.com\/jujuy\/wp-json\/wp\/v2\/pages"}],"about":[{"href":"https:\/\/notinor.com\/jujuy\/wp-json\/wp\/v2\/types\/page"}],"author":[{"embeddable":true,"href":"https:\/\/notinor.com\/jujuy\/wp-json\/wp\/v2\/users\/33"}],"replies":[{"embeddable":true,"href":"https:\/\/notinor.com\/jujuy\/wp-json\/wp\/v2\/comments?post=362242"}],"version-history":[{"count":9,"href":"https:\/\/notinor.com\/jujuy\/wp-json\/wp\/v2\/pages\/362242\/revisions"}],"predecessor-version":[{"id":362264,"href":"https:\/\/notinor.com\/jujuy\/wp-json\/wp\/v2\/pages\/362242\/revisions\/362264"}],"wp:attachment":[{"href":"https:\/\/notinor.com\/jujuy\/wp-json\/wp\/v2\/media?parent=362242"}],"curies":[{"name":"wp","href":"https:\/\/api.w.org\/{rel}","templated":true}]}}